{"id":332,"date":"2021-10-11T16:56:01","date_gmt":"2021-10-11T16:56:01","guid":{"rendered":"http:\/\/jvgmac.local\/?page_id=332"},"modified":"2021-10-11T17:06:20","modified_gmt":"2021-10-11T17:06:20","slug":"erasmus","status":"publish","type":"page","link":"https:\/\/jvg.lv\/new\/?page_id=332","title":{"rendered":"Erasmus+"},"content":{"rendered":"\n<h4 class=\"wp-block-heading\"><strong><strong><strong>\u201eAtcere \u2013 totalit\u0101risms Eirop\u0101 un v\u0113sturisk\u0101 apzi\u0146a Eiropas kontekst\u0101\u201d\u00a0\/ \u201cRemembrance \u2013 Totalitarianism in Europe and Historical Consciousness in a European Context \u2013 Improving Student Learning Motivation in History Through ICT\u201d (02.06.2017.)<\/strong><\/strong><\/strong><\/h4>\n\n\n\n<p><\/p>\n\n\n\n<p>Laik\u0101 no 26. marta l\u012bdz 1. apr\u012blim J\u016brmalas Valsts \u0123imn\u0101zij\u0101 notika starptautisk\u0101 projekta ERASMUS+ \u201eAtcere \u2013 totalit\u0101risms Eirop\u0101 un v\u0113sturisk\u0101 apzi\u0146a Eiropas kontekst\u0101\u201d 3. skol\u0113nu un skolot\u0101ju mobilit\u0101te (Eiropas Savien\u012bbas Erasmus+ programmas Pamatdarb\u012bbas Nr. 2 (KA2) strat\u0113\u0123isk\u0101s partner\u012bbas projekts skolu sektor\u0101 Nr. 2014).<\/p>\n\n\n\n<p>Mobilit\u0101t\u0113 piedal\u012bj\u0101s 39 skol\u0113ni un skolot\u0101ji no projekt\u0101 iesaist\u012btaj\u0101m partnervalst\u012bm (Lietuva, Polija, Be\u013c\u0123ija, projekta koordinatori, k\u0101 ar\u012b J\u016brmalas Valsts \u0123imn\u0101zijas v\u0113stures un kult\u016bras v\u0113stures un IT skolot\u0101ji un 11. \u2013 12. kla\u0161u skol\u0113ni. M\u0101c\u012bbu mobilit\u0101tes laik\u0101 m\u016bsu viesiem tika pied\u0101v\u0101ta iesp\u0113ja iepaz\u012bties ar Latvijas v\u0113sturi, apmekl\u0113jot Okup\u0101cijas muzeju R\u012bg\u0101 un T\u012bre\u013cpurvu. V\u0113sturisk\u0101 atcere tika veicin\u0101ta, run\u0101jot par padomju laika represij\u0101m un deport\u0101cij\u0101m, k\u0101 ar\u012b apmekl\u0113jot ebreju tautas un holokausta upuru piemi\u0146as vietas. Projekta dal\u012bbnieki iepaz\u012bstin\u0101ja partnerus ar izstr\u0101d\u0101tajiem intelektu\u0101lajiem rezult\u0101tiem un sav\u0101 starp\u0101 dal\u012bj\u0101s&nbsp; ar projekta laik\u0101 paveikto katr\u0101 no dal\u012bbvalst\u012bm. Tika pl\u0101nota starptautisk\u0101 projekta nosl\u0113guma &nbsp;konference, kas notiks J\u016brmal\u0101 2017. gada 2. j\u016bnij\u0101. Projekta ned\u0113\u013cas darbs norit\u0113ja atbilsto\u0161i izveidotajai programmai \u2013 skol\u0113ni gan ieguva inform\u0101ciju, gan pa\u0161i rad\u012bja atmi\u0146u st\u0101stus un veidoja prezent\u0101cijas, str\u0101d\u0101jot ar inform\u0101cijas tehnolo\u0123ij\u0101m.<\/p>\n\n\n\n<p>Projekta dal\u012bbvalstu p\u0101rst\u0101vji prezent\u0113ja 3 gadu laik\u0101 paveikto ar m\u0113r\u0137i, lai apkopot\u0101 inform\u0101cija un izveidotie m\u0101c\u012bbu materi\u0101li tiktu izmantoti v\u0113stures stund\u0101s un uzlabotu skol\u0113nu m\u0101c\u012b\u0161an\u0101s motiv\u0101ciju, izmantojot inform\u0101cijas tehnolo\u0123ijas.<\/p>\n\n\n\n<p>Tik\u0161an\u0101s bija svar\u012bga, lai vienotos par konferences organiz\u0101ciju, programmu, nofilm\u0113tu intervijas ar skol\u0113niem, kuri projekt\u0101 bija iesaist\u012bju\u0161ies 3 gadus, k\u0101 ar\u012b lai izv\u0113rt\u0113tu \u0161\u012b Erasmus+ projekta noz\u012bm\u012bbu Eiropas kontekst\u0101.<\/p>\n\n\n\n<p>Paldies visiem projekt\u0101 iesaist\u012btajiem skol\u0113niem, skolot\u0101jiem, skolas darbiniekiem par sagatavo\u0161anos skolot\u0101ju un skol\u0113nu 3.m\u0101c\u012bbu mobilit\u0101tei un to lielo darba ieguld\u012bjumu, kas ir paveikts saist\u012bb\u0101 ar projekta m\u0113r\u0137iem un uzdevumiem.<\/p>\n\n\n\n<p>Paldies projekta koordinatorei Indrai Kra\u0123ei, te\u0101tra studijas vad\u012bt\u0101jai Dacei Umbra\u0161ko un te\u0101tra kolekt\u012bvam, deju kolekt\u012bvam, v\u0113stures skolot\u0101jiem Gun\u0101ram Bulam un Lilijai Skangalei, kultorolo\u0123ijas skolot\u0101jai Sintijai Vilertei, inform\u0101tikas skolot\u0101jai Dacei Dumbarei un m\u016bsu skol\u0113niem par lielo darba ieguld\u012bjumu projekta materi\u0101lu izstr\u0101d\u0113 un mobilit\u0101tes organiz\u0113\u0161an\u0101.<\/p>\n\n\n\n<p>Esam pagodin\u0101ti, ka J\u016brmalas pils\u0113tas Dome sniedza vispus\u012bgu inform\u0101ciju projekta partneriem par J\u016brmalu ar Domes priek\u0161s\u0113d\u0113t\u0101jas Ritas Spro\u0123es piedal\u012b\u0161anos, kas vienlaikus populariz\u0113 J\u016brmalas t\u0113lu Eirop\u0101.<\/p>\n\n\n\n<p>Vair\u0101k inform\u0101cijas par projektu: <a href=\"https:\/\/www.remembranceproject.eu\/\">https:\/\/www.remembranceproject.eu\/<\/a>&nbsp;<\/p>\n","protected":false},"excerpt":{"rendered":"<p>\u201eAtcere \u2013 totalit\u0101risms Eirop\u0101 un v\u0113sturisk\u0101 apzi\u0146a Eiropas kontekst\u0101\u201d\u00a0\/ \u201cRemembrance \u2013 Totalitarianism in Europe and Historical Consciousness in a European [&hellip;]<\/p>\n","protected":false},"author":1,"featured_media":0,"parent":191,"menu_order":0,"comment_status":"closed","ping_status":"closed","template":"","meta":{"ngg_post_thumbnail":0,"footnotes":""},"class_list":["post-332","page","type-page","status-publish","hentry"],"_links":{"self":[{"href":"https:\/\/jvg.lv\/new\/index.php?rest_route=\/wp\/v2\/pages\/332","targetHints":{"allow":["GET"]}}],"collection":[{"href":"https:\/\/jvg.lv\/new\/index.php?rest_route=\/wp\/v2\/pages"}],"about":[{"href":"https:\/\/jvg.lv\/new\/index.php?rest_route=\/wp\/v2\/types\/page"}],"author":[{"embeddable":true,"href":"https:\/\/jvg.lv\/new\/index.php?rest_route=\/wp\/v2\/users\/1"}],"replies":[{"embeddable":true,"href":"https:\/\/jvg.lv\/new\/index.php?rest_route=%2Fwp%2Fv2%2Fcomments&post=332"}],"version-history":[{"count":5,"href":"https:\/\/jvg.lv\/new\/index.php?rest_route=\/wp\/v2\/pages\/332\/revisions"}],"predecessor-version":[{"id":341,"href":"https:\/\/jvg.lv\/new\/index.php?rest_route=\/wp\/v2\/pages\/332\/revisions\/341"}],"up":[{"embeddable":true,"href":"https:\/\/jvg.lv\/new\/index.php?rest_route=\/wp\/v2\/pages\/191"}],"wp:attachment":[{"href":"https:\/\/jvg.lv\/new\/index.php?rest_route=%2Fwp%2Fv2%2Fmedia&parent=332"}],"curies":[{"name":"wp","href":"https:\/\/api.w.org\/{rel}","templated":true}]}}